{"id":7944,"date":"2018-08-01T22:40:58","date_gmt":"2018-08-01T20:40:58","guid":{"rendered":"https:\/\/www.sam-kuchler.com\/tisch\/"},"modified":"2023-01-12T12:16:52","modified_gmt":"2023-01-12T11:16:52","slug":"tische-fuer-aufschnittmaschinen","status":"publish","type":"page","link":"https:\/\/www.sam-kuchler.com\/en\/tische-fuer-aufschnittmaschinen\/","title":{"rendered":"Table"},"content":{"rendered":"<div class=\"wpb-content-wrapper\"><p>[vc_row css_animation=&#8221;&#8221; row_type=&#8221;row&#8221; use_row_as_full_screen_section=&#8221;no&#8221; type=&#8221;full_width&#8221; angled_section=&#8221;no&#8221; text_align=&#8221;left&#8221; background_image_as_pattern=&#8221;without_pattern&#8221; css=&#8221;.vc_custom_1533155796709{margin-bottom: 80px !important;}&#8221; z_index=&#8221;&#8221;][vc_column css=&#8221;.vc_custom_1532338193691{margin-top: 100px !important;}&#8221;][vc_column_text css=&#8221;.vc_custom_1547735551584{margin-top: 0px !important;margin-bottom: 0px !important;}&#8221;]<\/p>\n<h2 style=\"text-align: center;\">Table<\/h2>\n<p>[\/vc_column_text][vc_separator type=&#8221;small&#8221; position=&#8221;center&#8221; color=&#8221;#d9202f&#8221; transparency=&#8221;1&#8243; thickness=&#8221;3&#8243; width=&#8221;50&#8243; up=&#8221;50&#8243; down=&#8221;80&#8243;]<div class='projects_holder_outer v4 portfolio_with_space portfolio_standard'>\n        <div class='projects_holder portfolio_main_holder clearfix v4 standard portfolio_full_image portfolio_one_by_one'>\n        \n        <article class='mix portfolio_category_962 portfolio_category_965 default' style=''>\n    \n    \n    \n    \n            <div class=\"item_holder thin_plus_only\">\n\n                    <div class=\"text_holder\">\n        <div class=\"text_holder_outer\">\n            <div class=\"text_holder_inner\">\n                            <span class=\"thin_plus_only_icon\">+<\/span>\n                        <\/div>\n        <\/div>\n    <\/div>\n\n                                    <a itemprop=\"url\" class=\"portfolio_link_class\" title=\"Side Table PAZ\" href=\"https:\/\/www.sam-kuchler.com\/en\/maschinen\/side-table-paz\/\"><\/a>\n                \n                <div style=\"\" class=\"portfolio_shader\"><\/div>\n                <div class=\"image_holder\">\n                    \n<span class='image'><img decoding=\"async\" width=\"600\" height=\"289\" src=\"https:\/\/www.sam-kuchler.com\/wp-content\/uploads\/2018\/07\/pazprev.jpg\" class=\"attachment-full size-full wp-post-image\" alt=\"pazprev\" srcset=\"https:\/\/www.sam-kuchler.com\/wp-content\/uploads\/2018\/07\/pazprev.jpg 600w, https:\/\/www.sam-kuchler.com\/wp-content\/uploads\/2018\/07\/pazprev-300x145.jpg 300w\" sizes=\"(max-width: 600px) 100vw, 600px\" \/><\/span>                <\/div>\n            <\/div>\n\n                <div class='portfolio_description ' >\n\n        \n    <h5 itemprop=\"name\" class=\"portfolio_title entry_title\"><a itemprop=\"url\" href=\"https:\/\/www.sam-kuchler.com\/en\/maschinen\/side-table-paz\/\"  target=\"_self\"> Side Table PAZ<\/a><\/h5>\n<p>Side table for S.A.M PAZ-Mettler<\/p>\n\n\n        \n        \n    <\/div>\n\n        \n<\/article>\n<article class='mix portfolio_category_962 portfolio_category_965 default' style=''>\n    \n    \n    \n    \n            <div class=\"item_holder thin_plus_only\">\n\n                    <div class=\"text_holder\">\n        <div class=\"text_holder_outer\">\n            <div class=\"text_holder_inner\">\n                            <span class=\"thin_plus_only_icon\">+<\/span>\n                        <\/div>\n        <\/div>\n    <\/div>\n\n                                    <a itemprop=\"url\" class=\"portfolio_link_class\" title=\"Table PX3\" href=\"https:\/\/www.sam-kuchler.com\/en\/maschinen\/table-px3\/\"><\/a>\n                \n                <div style=\"\" class=\"portfolio_shader\"><\/div>\n                <div class=\"image_holder\">\n                    \n<span class='image'><img decoding=\"async\" width=\"600\" height=\"289\" src=\"https:\/\/www.sam-kuchler.com\/wp-content\/uploads\/2018\/07\/tischpx3-prev.jpg\" class=\"attachment-full size-full wp-post-image\" alt=\"tischpx3 prev\" srcset=\"https:\/\/www.sam-kuchler.com\/wp-content\/uploads\/2018\/07\/tischpx3-prev.jpg 600w, https:\/\/www.sam-kuchler.com\/wp-content\/uploads\/2018\/07\/tischpx3-prev-300x145.jpg 300w\" sizes=\"(max-width: 600px) 100vw, 600px\" \/><\/span>                <\/div>\n            <\/div>\n\n                <div class='portfolio_description ' >\n\n        \n    <h5 itemprop=\"name\" class=\"portfolio_title entry_title\"><a itemprop=\"url\" href=\"https:\/\/www.sam-kuchler.com\/en\/maschinen\/table-px3\/\"  target=\"_self\"> Table PX3<\/a><\/h5>\n<p>Table for PX3 + S.A.M. PAZ-Digi<\/p>\n\n\n        \n        \n    <\/div>\n\n        \n<\/article>\n<article class='mix portfolio_category_962 portfolio_category_965 default' style=''>\n    \n    \n    \n    \n            <div class=\"item_holder thin_plus_only\">\n\n                    <div class=\"text_holder\">\n        <div class=\"text_holder_outer\">\n            <div class=\"text_holder_inner\">\n                            <span class=\"thin_plus_only_icon\">+<\/span>\n                        <\/div>\n        <\/div>\n    <\/div>\n\n                                    <a itemprop=\"url\" class=\"portfolio_link_class\" title=\"Table PX3 W\" href=\"https:\/\/www.sam-kuchler.com\/en\/maschinen\/table-px3-w\/\"><\/a>\n                \n                <div style=\"\" class=\"portfolio_shader\"><\/div>\n                <div class=\"image_holder\">\n                    \n<span class='image'><img decoding=\"async\" width=\"600\" height=\"289\" src=\"https:\/\/www.sam-kuchler.com\/wp-content\/uploads\/2018\/07\/TischPX3Wprev.jpg\" class=\"attachment-full size-full wp-post-image\" alt=\"TischPX3Wprev\" srcset=\"https:\/\/www.sam-kuchler.com\/wp-content\/uploads\/2018\/07\/TischPX3Wprev.jpg 600w, https:\/\/www.sam-kuchler.com\/wp-content\/uploads\/2018\/07\/TischPX3Wprev-300x145.jpg 300w\" sizes=\"(max-width: 600px) 100vw, 600px\" \/><\/span>                <\/div>\n            <\/div>\n\n                <div class='portfolio_description ' >\n\n        \n    <h5 itemprop=\"name\" class=\"portfolio_title entry_title\"><a itemprop=\"url\" href=\"https:\/\/www.sam-kuchler.com\/en\/maschinen\/table-px3-w\/\"  target=\"_self\"> Table PX3 W<\/a><\/h5>\n<p>Table for PX3W + S.A.M. PAZ-Digi<\/p>\n\n\n        \n        \n    <\/div>\n\n        \n<\/article>\n<article class='mix portfolio_category_962 portfolio_category_965 default' style=''>\n    \n    \n    \n    \n            <div class=\"item_holder thin_plus_only\">\n\n                    <div class=\"text_holder\">\n        <div class=\"text_holder_outer\">\n            <div class=\"text_holder_inner\">\n                            <span class=\"thin_plus_only_icon\">+<\/span>\n                        <\/div>\n        <\/div>\n    <\/div>\n\n                                    <a itemprop=\"url\" class=\"portfolio_link_class\" title=\"Table RX\" href=\"https:\/\/www.sam-kuchler.com\/en\/maschinen\/table-rx\/\"><\/a>\n                \n                <div style=\"\" class=\"portfolio_shader\"><\/div>\n                <div class=\"image_holder\">\n                    \n<span class='image'><img decoding=\"async\" width=\"600\" height=\"289\" src=\"https:\/\/www.sam-kuchler.com\/wp-content\/uploads\/2018\/07\/TischRXnew.jpg\" class=\"attachment-full size-full wp-post-image\" alt=\"TischRXnew\" srcset=\"https:\/\/www.sam-kuchler.com\/wp-content\/uploads\/2018\/07\/TischRXnew.jpg 600w, https:\/\/www.sam-kuchler.com\/wp-content\/uploads\/2018\/07\/TischRXnew-300x145.jpg 300w\" sizes=\"(max-width: 600px) 100vw, 600px\" \/><\/span>                <\/div>\n            <\/div>\n\n                <div class='portfolio_description ' >\n\n        \n    <h5 itemprop=\"name\" class=\"portfolio_title entry_title\"><a itemprop=\"url\" href=\"https:\/\/www.sam-kuchler.com\/en\/maschinen\/table-rx\/\"  target=\"_self\"> Table RX<\/a><\/h5>\n<p>Table for RX3 + X3. + Robo Packer<\/p>\n\n\n        \n        \n    <\/div>\n\n        \n<\/article>\n<article class='mix portfolio_category_962 portfolio_category_965 default' style=''>\n    \n    \n    \n    \n            <div class=\"item_holder thin_plus_only\">\n\n                    <div class=\"text_holder\">\n        <div class=\"text_holder_outer\">\n            <div class=\"text_holder_inner\">\n                            <span class=\"thin_plus_only_icon\">+<\/span>\n                        <\/div>\n        <\/div>\n    <\/div>\n\n                                    <a itemprop=\"url\" class=\"portfolio_link_class\" title=\"Table Slicers\" href=\"https:\/\/www.sam-kuchler.com\/en\/maschinen\/table-slicers\/\"><\/a>\n                \n                <div style=\"\" class=\"portfolio_shader\"><\/div>\n                <div class=\"image_holder\">\n                    \n<span class='image'><img decoding=\"async\" width=\"655\" height=\"316\" src=\"https:\/\/www.sam-kuchler.com\/wp-content\/uploads\/2018\/07\/Table-fahrbar_white.jpg\" class=\"attachment-full size-full wp-post-image\" alt=\"Table fahrbar white\" srcset=\"https:\/\/www.sam-kuchler.com\/wp-content\/uploads\/2018\/07\/Table-fahrbar_white.jpg 655w, https:\/\/www.sam-kuchler.com\/wp-content\/uploads\/2018\/07\/Table-fahrbar_white-300x145.jpg 300w\" sizes=\"(max-width: 655px) 100vw, 655px\" \/><\/span>                <\/div>\n            <\/div>\n\n                <div class='portfolio_description ' >\n\n        \n    <h5 itemprop=\"name\" class=\"portfolio_title entry_title\"><a itemprop=\"url\" href=\"https:\/\/www.sam-kuchler.com\/en\/maschinen\/table-slicers\/\"  target=\"_self\"> Table Slicers<\/a><\/h5>\n<p>Mobile table for single devices<\/p>\n\n\n        \n        \n    <\/div>\n\n        \n<\/article>\n        <div class='filler'><\/div>\n            <div class='filler'><\/div>\n            <div class='filler'><\/div>\n            <div class='filler'><\/div>\n        <\/div>\n\n    \n    <\/div>[\/vc_column][\/vc_row]<\/p>\n<\/div>","protected":false},"excerpt":{"rendered":"<p>[vc_row css_animation=&#8221;&#8221; row_type=&#8221;row&#8221; use_row_as_full_screen_section=&#8221;no&#8221; type=&#8221;full_width&#8221; angled_section=&#8221;no&#8221; text_align=&#8221;left&#8221; background_image_as_pattern=&#8221;without_pattern&#8221; css=&#8221;.vc_custom_1533155796709{margin-bottom: 80px !important;}&#8221; z_index=&#8221;&#8221;][vc_column css=&#8221;.vc_custom_1532338193691{margin-top: 100px !important;}&#8221;][vc_column_text css=&#8221;.vc_custom_1547735551584{margin-top: 0px !important;margin-bottom: 0px !important;}&#8221;] Table [\/vc_column_text][vc_separator type=&#8221;small&#8221; position=&#8221;center&#8221; color=&#8221;#d9202f&#8221; transparency=&#8221;1&#8243; thickness=&#8221;3&#8243; width=&#8221;50&#8243; up=&#8221;50&#8243; down=&#8221;80&#8243;][\/vc_column][\/vc_row]<\/p>\n","protected":false},"author":1,"featured_media":0,"parent":0,"menu_order":0,"comment_status":"closed","ping_status":"closed","template":"","meta":{"_acf_changed":false,"inline_featured_image":false,"footnotes":""},"class_list":["post-7944","page","type-page","status-publish","hentry"],"acf":[],"yoast_head":"<!-- This site is optimized with the Yoast SEO Premium plugin v27.1 (Yoast SEO v27.5) - https:\/\/yoast.com\/product\/yoast-seo-premium-wordpress\/ -->\n<title>Table | S.A.M. KUCHLER Electronics GmbH<\/title>\n<meta name=\"description\" content=\"Unsere passgenauen S.A.M. Tische f\u00fcr unsere modernen Aufschnittmaschinen. Unsere Tische sind auf unsere Maschinen perfekt abgestimmt.\" \/>\n<meta name=\"robots\" content=\"index, follow, max-snippet:-1, max-image-preview:large, max-video-preview:-1\" \/>\n<link rel=\"canonical\" href=\"https:\/\/www.sam-kuchler.com\/en\/tische-fuer-aufschnittmaschinen\/\" \/>\n<meta property=\"og:locale\" content=\"en_US\" \/>\n<meta property=\"og:type\" content=\"article\" \/>\n<meta property=\"og:title\" content=\"Table\" \/>\n<meta property=\"og:description\" content=\"Unsere passgenauen S.A.M. Tische f\u00fcr unsere modernen Aufschnittmaschinen. Unsere Tische sind auf unsere Maschinen perfekt abgestimmt.\" \/>\n<meta property=\"og:url\" content=\"https:\/\/www.sam-kuchler.com\/en\/tische-fuer-aufschnittmaschinen\/\" \/>\n<meta property=\"og:site_name\" content=\"S.A.M. KUCHLER Electronics GmbH\" \/>\n<meta property=\"article:publisher\" content=\"https:\/\/www.facebook.com\/samkuchlerelectronics\" \/>\n<meta property=\"article:modified_time\" content=\"2023-01-12T11:16:52+00:00\" \/>\n<meta property=\"og:image\" content=\"https:\/\/www.sam-kuchler.com\/wp-content\/uploads\/2025\/01\/P75_4186-scaled.jpg\" \/>\n\t<meta property=\"og:image:width\" content=\"2560\" \/>\n\t<meta property=\"og:image:height\" content=\"1707\" \/>\n\t<meta property=\"og:image:type\" content=\"image\/jpeg\" \/>\n<meta name=\"twitter:card\" content=\"summary_large_image\" \/>\n<meta name=\"twitter:label1\" content=\"Est. reading time\" \/>\n\t<meta name=\"twitter:data1\" content=\"1 minute\" \/>\n<script type=\"application\/ld+json\" class=\"yoast-schema-graph\">{\"@context\":\"https:\\\/\\\/schema.org\",\"@graph\":[{\"@type\":\"WebPage\",\"@id\":\"https:\\\/\\\/www.sam-kuchler.com\\\/en\\\/tische-fuer-aufschnittmaschinen\\\/\",\"url\":\"https:\\\/\\\/www.sam-kuchler.com\\\/en\\\/tische-fuer-aufschnittmaschinen\\\/\",\"name\":\"Table | S.A.M. KUCHLER Electronics GmbH\",\"isPartOf\":{\"@id\":\"https:\\\/\\\/www.sam-kuchler.com\\\/en\\\/#website\"},\"datePublished\":\"2018-08-01T20:40:58+00:00\",\"dateModified\":\"2023-01-12T11:16:52+00:00\",\"description\":\"Unsere passgenauen S.A.M. Tische f\u00fcr unsere modernen Aufschnittmaschinen. Unsere Tische sind auf unsere Maschinen perfekt abgestimmt.\",\"breadcrumb\":{\"@id\":\"https:\\\/\\\/www.sam-kuchler.com\\\/en\\\/tische-fuer-aufschnittmaschinen\\\/#breadcrumb\"},\"inLanguage\":\"en-US\",\"potentialAction\":[{\"@type\":\"ReadAction\",\"target\":[\"https:\\\/\\\/www.sam-kuchler.com\\\/en\\\/tische-fuer-aufschnittmaschinen\\\/\"]}]},{\"@type\":\"BreadcrumbList\",\"@id\":\"https:\\\/\\\/www.sam-kuchler.com\\\/en\\\/tische-fuer-aufschnittmaschinen\\\/#breadcrumb\",\"itemListElement\":[{\"@type\":\"ListItem\",\"position\":1,\"name\":\"Startseite\",\"item\":\"https:\\\/\\\/www.sam-kuchler.com\\\/en\\\/\"},{\"@type\":\"ListItem\",\"position\":2,\"name\":\"Table\"}]},{\"@type\":\"WebSite\",\"@id\":\"https:\\\/\\\/www.sam-kuchler.com\\\/en\\\/#website\",\"url\":\"https:\\\/\\\/www.sam-kuchler.com\\\/en\\\/\",\"name\":\"S.A.M. KUCHLER Electronics GmbH\",\"description\":\"Aufschnittmaschinen und Verpackungsger\u00e4te\",\"publisher\":{\"@id\":\"https:\\\/\\\/www.sam-kuchler.com\\\/en\\\/#organization\"},\"alternateName\":\"SAM\",\"potentialAction\":[{\"@type\":\"SearchAction\",\"target\":{\"@type\":\"EntryPoint\",\"urlTemplate\":\"https:\\\/\\\/www.sam-kuchler.com\\\/en\\\/?s={search_term_string}\"},\"query-input\":{\"@type\":\"PropertyValueSpecification\",\"valueRequired\":true,\"valueName\":\"search_term_string\"}}],\"inLanguage\":\"en-US\"},{\"@type\":\"Organization\",\"@id\":\"https:\\\/\\\/www.sam-kuchler.com\\\/en\\\/#organization\",\"name\":\"S.A.M. KUCHLER Electronics GmbH\",\"alternateName\":\"SAM\",\"url\":\"https:\\\/\\\/www.sam-kuchler.com\\\/en\\\/\",\"logo\":{\"@type\":\"ImageObject\",\"inLanguage\":\"en-US\",\"@id\":\"https:\\\/\\\/www.sam-kuchler.com\\\/en\\\/#\\\/schema\\\/logo\\\/image\\\/\",\"url\":\"https:\\\/\\\/www.sam-kuchler.com\\\/wp-content\\\/uploads\\\/2026\\\/01\\\/sam-logo-online.png\",\"contentUrl\":\"https:\\\/\\\/www.sam-kuchler.com\\\/wp-content\\\/uploads\\\/2026\\\/01\\\/sam-logo-online.png\",\"width\":1024,\"height\":1024,\"caption\":\"S.A.M. KUCHLER Electronics GmbH\"},\"image\":{\"@id\":\"https:\\\/\\\/www.sam-kuchler.com\\\/en\\\/#\\\/schema\\\/logo\\\/image\\\/\"},\"sameAs\":[\"https:\\\/\\\/www.facebook.com\\\/samkuchlerelectronics\",\"https:\\\/\\\/www.instagram.com\\\/samkuchler\\\/\",\"https:\\\/\\\/www.tiktok.com\\\/@sam_kuchler\",\"https:\\\/\\\/www.linkedin.com\\\/company\\\/samkuchlerelectronics\"],\"description\":\"S.A.M. KUCHLER Electronics GmbH entwickelt und baut in \u00d6sterreich vollautomatische Schneide- und Verpackungssysteme f\u00fcr frisch geschnittene Lebensmittel (z. B. Wurst, K\u00e4se, Schinken) f\u00fcr den Einsatz im Verkaufsraum und in der Produktion.\",\"email\":\"office@sam-kuchler.com\",\"telephone\":\"+4346343543\",\"legalName\":\"S.A.M. KUCHLER Electronics GmbH\"}]}<\/script>\n<!-- \/ Yoast SEO Premium plugin. -->","yoast_head_json":{"title":"Table | S.A.M. KUCHLER Electronics GmbH","description":"Unsere passgenauen S.A.M. Tische f\u00fcr unsere modernen Aufschnittmaschinen. Unsere Tische sind auf unsere Maschinen perfekt abgestimmt.","robots":{"index":"index","follow":"follow","max-snippet":"max-snippet:-1","max-image-preview":"max-image-preview:large","max-video-preview":"max-video-preview:-1"},"canonical":"https:\/\/www.sam-kuchler.com\/en\/tische-fuer-aufschnittmaschinen\/","og_locale":"en_US","og_type":"article","og_title":"Table","og_description":"Unsere passgenauen S.A.M. Tische f\u00fcr unsere modernen Aufschnittmaschinen. Unsere Tische sind auf unsere Maschinen perfekt abgestimmt.","og_url":"https:\/\/www.sam-kuchler.com\/en\/tische-fuer-aufschnittmaschinen\/","og_site_name":"S.A.M. KUCHLER Electronics GmbH","article_publisher":"https:\/\/www.facebook.com\/samkuchlerelectronics","article_modified_time":"2023-01-12T11:16:52+00:00","og_image":[{"width":2560,"height":1707,"url":"https:\/\/www.sam-kuchler.com\/wp-content\/uploads\/2025\/01\/P75_4186-scaled.jpg","type":"image\/jpeg"}],"twitter_card":"summary_large_image","twitter_misc":{"Est. reading time":"1 minute"},"schema":{"@context":"https:\/\/schema.org","@graph":[{"@type":"WebPage","@id":"https:\/\/www.sam-kuchler.com\/en\/tische-fuer-aufschnittmaschinen\/","url":"https:\/\/www.sam-kuchler.com\/en\/tische-fuer-aufschnittmaschinen\/","name":"Table | S.A.M. KUCHLER Electronics GmbH","isPartOf":{"@id":"https:\/\/www.sam-kuchler.com\/en\/#website"},"datePublished":"2018-08-01T20:40:58+00:00","dateModified":"2023-01-12T11:16:52+00:00","description":"Unsere passgenauen S.A.M. Tische f\u00fcr unsere modernen Aufschnittmaschinen. Unsere Tische sind auf unsere Maschinen perfekt abgestimmt.","breadcrumb":{"@id":"https:\/\/www.sam-kuchler.com\/en\/tische-fuer-aufschnittmaschinen\/#breadcrumb"},"inLanguage":"en-US","potentialAction":[{"@type":"ReadAction","target":["https:\/\/www.sam-kuchler.com\/en\/tische-fuer-aufschnittmaschinen\/"]}]},{"@type":"BreadcrumbList","@id":"https:\/\/www.sam-kuchler.com\/en\/tische-fuer-aufschnittmaschinen\/#breadcrumb","itemListElement":[{"@type":"ListItem","position":1,"name":"Startseite","item":"https:\/\/www.sam-kuchler.com\/en\/"},{"@type":"ListItem","position":2,"name":"Table"}]},{"@type":"WebSite","@id":"https:\/\/www.sam-kuchler.com\/en\/#website","url":"https:\/\/www.sam-kuchler.com\/en\/","name":"S.A.M. KUCHLER Electronics GmbH","description":"Aufschnittmaschinen und Verpackungsger\u00e4te","publisher":{"@id":"https:\/\/www.sam-kuchler.com\/en\/#organization"},"alternateName":"SAM","potentialAction":[{"@type":"SearchAction","target":{"@type":"EntryPoint","urlTemplate":"https:\/\/www.sam-kuchler.com\/en\/?s={search_term_string}"},"query-input":{"@type":"PropertyValueSpecification","valueRequired":true,"valueName":"search_term_string"}}],"inLanguage":"en-US"},{"@type":"Organization","@id":"https:\/\/www.sam-kuchler.com\/en\/#organization","name":"S.A.M. KUCHLER Electronics GmbH","alternateName":"SAM","url":"https:\/\/www.sam-kuchler.com\/en\/","logo":{"@type":"ImageObject","inLanguage":"en-US","@id":"https:\/\/www.sam-kuchler.com\/en\/#\/schema\/logo\/image\/","url":"https:\/\/www.sam-kuchler.com\/wp-content\/uploads\/2026\/01\/sam-logo-online.png","contentUrl":"https:\/\/www.sam-kuchler.com\/wp-content\/uploads\/2026\/01\/sam-logo-online.png","width":1024,"height":1024,"caption":"S.A.M. KUCHLER Electronics GmbH"},"image":{"@id":"https:\/\/www.sam-kuchler.com\/en\/#\/schema\/logo\/image\/"},"sameAs":["https:\/\/www.facebook.com\/samkuchlerelectronics","https:\/\/www.instagram.com\/samkuchler\/","https:\/\/www.tiktok.com\/@sam_kuchler","https:\/\/www.linkedin.com\/company\/samkuchlerelectronics"],"description":"S.A.M. KUCHLER Electronics GmbH entwickelt und baut in \u00d6sterreich vollautomatische Schneide- und Verpackungssysteme f\u00fcr frisch geschnittene Lebensmittel (z. B. Wurst, K\u00e4se, Schinken) f\u00fcr den Einsatz im Verkaufsraum und in der Produktion.","email":"office@sam-kuchler.com","telephone":"+4346343543","legalName":"S.A.M. KUCHLER Electronics GmbH"}]}},"_links":{"self":[{"href":"https:\/\/www.sam-kuchler.com\/en\/wp-json\/wp\/v2\/pages\/7944","targetHints":{"allow":["GET"]}}],"collection":[{"href":"https:\/\/www.sam-kuchler.com\/en\/wp-json\/wp\/v2\/pages"}],"about":[{"href":"https:\/\/www.sam-kuchler.com\/en\/wp-json\/wp\/v2\/types\/page"}],"author":[{"embeddable":true,"href":"https:\/\/www.sam-kuchler.com\/en\/wp-json\/wp\/v2\/users\/1"}],"replies":[{"embeddable":true,"href":"https:\/\/www.sam-kuchler.com\/en\/wp-json\/wp\/v2\/comments?post=7944"}],"version-history":[{"count":0,"href":"https:\/\/www.sam-kuchler.com\/en\/wp-json\/wp\/v2\/pages\/7944\/revisions"}],"wp:attachment":[{"href":"https:\/\/www.sam-kuchler.com\/en\/wp-json\/wp\/v2\/media?parent=7944"}],"curies":[{"name":"wp","href":"https:\/\/api.w.org\/{rel}","templated":true}]}}